{"id":97,"date":"2020-09-25T19:25:47","date_gmt":"2020-09-25T19:25:47","guid":{"rendered":"http:\/\/localhost\/amvd\/?page_id=97"},"modified":"2025-04-24T23:25:27","modified_gmt":"2025-04-24T23:25:27","slug":"socios-colaboradores","status":"publish","type":"page","link":"https:\/\/amvd.org.mx\/index.php\/socios\/socios-colaboradores\/","title":{"rendered":"Socios Colaboradores"},"content":{"rendered":"<ul class=\"wp-block-latest-posts__list wp-block-latest-posts\"><li><div class=\"wp-block-latest-posts__featured-image\"><img fetchpriority=\"high\" decoding=\"async\" width=\"300\" height=\"300\" src=\"https:\/\/amvd.org.mx\/wp-content\/uploads\/2023\/03\/Acantaros-300x300.png\" class=\"attachment-medium size-medium wp-post-image\" alt=\"\" style=\"max-width:225px;max-height:225px;\" srcset=\"https:\/\/amvd.org.mx\/wp-content\/uploads\/2023\/03\/Acantaros-300x300.png 300w, https:\/\/amvd.org.mx\/wp-content\/uploads\/2023\/03\/Acantaros-150x150.png 150w, https:\/\/amvd.org.mx\/wp-content\/uploads\/2023\/03\/Acantaros.png 375w\" sizes=\"(max-width: 300px) 100vw, 300px\" \/><\/div><a class=\"wp-block-latest-posts__post-title\" href=\"https:\/\/amvd.org.mx\/index.php\/2023\/03\/17\/acantaros-ediciones-s-a-de-c-v\/\">ACANTAROS EDICIONES S.A. DE C.V.<\/a><div class=\"wp-block-latest-posts__post-full-content\"><!-- wp:table {\"hasFixedLayout\":true,\"className\":\"is-style-stripes\"} -->\n<figure class=\"wp-block-table is-style-stripes\"><table class=\"has-fixed-layout\"><tbody><tr><td><strong>Direcci\u00f3n<\/strong><\/td><td>Avenida Circunvalaci\u00f3n Poniente No. 96 Col. Ciudad Brisa, C.P. 53280 Naucalpan, Estado de M\u00e9xico<\/td><\/tr><tr><td><strong>Tel\u00e9fono<\/strong><\/td><td>55 3007 4892 \/ 55 1428 3894<\/td><\/tr><tr><td><strong>Correo<\/strong><\/td><td><a href=\"mailto:contacto@acantarosediciones.com\">contacto@acantarosediciones.com<\/a><\/td><\/tr><tr><td><strong>P\u00e1gina web<\/strong><\/td><td><a href=\"http:\/\/www.acantarosediciones.com\" data-type=\"URL\" data-id=\"www.acantarosediciones.com\">www.acantarosediciones.com<\/a><\/td><\/tr><tr><td><strong>Giro de la Empresa<\/strong><\/td><td>Editorial que tiene como objetivos imprimir, comercializar, y promover obras dedicadas a la venta directa, empoderamiento del ser, liderazgo y finanzas personales. Los autores pertenecen a la industria y cada libro aporta herramientas que permiten a los lectores desarrollar las habilidades que les facilitan tener \u00e9xito en esta actividad<\/td><\/tr><\/tbody><\/table><\/figure>\n<!-- \/wp:table --><\/div><\/li>\n<li><div class=\"wp-block-latest-posts__featured-image\"><img decoding=\"async\" width=\"246\" height=\"150\" src=\"https:\/\/amvd.org.mx\/wp-content\/uploads\/2022\/01\/Bioscents-Nuevo-Logo.jpg\" class=\"attachment-medium size-medium wp-post-image\" alt=\"\" style=\"max-width:225px;max-height:225px;\" \/><\/div><a class=\"wp-block-latest-posts__post-title\" href=\"https:\/\/amvd.org.mx\/index.php\/2022\/01\/07\/bioscents-s-c-de-r-l-de-c-v\/\">BIOSCENTS S.C. DE R.L. DE C.V.<\/a><div class=\"wp-block-latest-posts__post-full-content\"><!-- wp:table {\"hasFixedLayout\":true,\"className\":\"is-style-stripes\"} -->\n<figure class=\"wp-block-table is-style-stripes\"><table class=\"has-fixed-layout\"><tbody><tr><td><strong>Direcci\u00f3n<\/strong><\/td><td>Broca No. 2605-35 Zona Industrial C.P. 44940 Guadalajara, Jalisco<\/td><\/tr><tr><td><strong>Tel\u00e9fono<\/strong><\/td><td>33 3692 0547<\/td><\/tr><tr><td><strong>Correo<\/strong><\/td><td><a href=\"mailto:ventas@bioscents.com.mx\">ventas@bioscents.com.mx<\/a><\/td><\/tr><tr><td><strong>P\u00e1gina web<\/strong><\/td><td><a href=\"https:\/\/bioscents.com.mx\/\">https:\/\/bioscents.com.mx\/<\/a><\/td><\/tr><tr><td><strong>Giro de la Empresa<\/strong><\/td><td>Desarrollamos, fabricamos y comercializamos productos de salud, belleza y cuidado personal. Manejamos m\u00faltiples l\u00edneas de producto entre las cuales destacan: cuidado de la piel, del rostro, fragancias, ba\u00f1o y ducha, shampoos, aromaterapia, cuidado solar, productos para caballeros entre otros<\/td><\/tr><\/tbody><\/table><\/figure>\n<!-- \/wp:table --><\/div><\/li>\n<li><div class=\"wp-block-latest-posts__featured-image\"><img decoding=\"async\" width=\"246\" height=\"150\" src=\"https:\/\/amvd.org.mx\/wp-content\/uploads\/2024\/02\/Sales-Boyoli.png\" class=\"attachment-medium size-medium wp-post-image\" alt=\"\" style=\"max-width:225px;max-height:225px;\" \/><\/div><a class=\"wp-block-latest-posts__post-title\" href=\"https:\/\/amvd.org.mx\/index.php\/2024\/02\/15\/bufete-sales-boyoli-salbo-abogados-s-c\/\">BUFETE SALES BOYOLI (SALBO ABOGADOS S.C.)<\/a><div class=\"wp-block-latest-posts__post-full-content\"><!-- wp:table {\"hasFixedLayout\":true,\"className\":\"is-style-stripes\"} -->\n<figure class=\"wp-block-table is-style-stripes\"><table class=\"has-fixed-layout\"><tbody><tr><td><strong>Direcci\u00f3n<\/strong><\/td><td>Guillermo Gonz\u00e1lez Camarena No. 1450 Piso 7 Col. Santa Fe, Alcald\u00eda Alvaro Obreg\u00f3n C.P. 01210 CDMX<\/td><\/tr><tr><td><strong>Tel\u00e9fono<\/strong><\/td><td>55 5909 0857<\/td><\/tr><tr><td><strong>Correo<\/strong><\/td><td><a href=\"mailto:jsales@salesboyoli.com\">jsales@salesboyoli.com<\/a><\/td><\/tr><tr><td><strong>P\u00e1gina web<\/strong><\/td><td><a href=\"http:\/\/www.salesboyoli.com\">www.salesboyoli.com<\/a> <\/td><\/tr><tr><td><strong>Giro de la Empresa<\/strong><\/td><td>Asesor\u00eda jur\u00eddico laboral. Consultor\u00eda, litigio, laboral y sindical.<\/td><\/tr><\/tbody><\/table><\/figure>\n<!-- \/wp:table --><\/div><\/li>\n<li><div class=\"wp-block-latest-posts__featured-image\"><img loading=\"lazy\" decoding=\"async\" width=\"300\" height=\"160\" src=\"https:\/\/amvd.org.mx\/wp-content\/uploads\/2020\/09\/Circulo-de-Credito-3-2-300x160.png\" class=\"attachment-medium size-medium wp-post-image\" alt=\"\" style=\"max-width:225px;max-height:225px;\" srcset=\"https:\/\/amvd.org.mx\/wp-content\/uploads\/2020\/09\/Circulo-de-Credito-3-2-300x160.png 300w, https:\/\/amvd.org.mx\/wp-content\/uploads\/2020\/09\/Circulo-de-Credito-3-2.png 500w\" sizes=\"(max-width: 300px) 100vw, 300px\" \/><\/div><a class=\"wp-block-latest-posts__post-title\" href=\"https:\/\/amvd.org.mx\/index.php\/2020\/09\/30\/circulo-de-credito-s-a-de-c-v\/\">C\u00cdRCULO DE CR\u00c9DITO S.A. DE C.V.<\/a><div class=\"wp-block-latest-posts__post-full-content\"><!-- wp:table {\"hasFixedLayout\":true,\"className\":\"is-style-stripes\"} -->\n<figure class=\"wp-block-table is-style-stripes\"><table class=\"has-fixed-layout\"><tbody><tr><td><strong>Direcci\u00f3n<\/strong><\/td><td>Boulevard Miguel de Cervantes Saavedra No. 301 Torre Norte Piso 10 Col. Ampliaci\u00f3n Granada C.P. 11520 Ciudad de M\u00e9xico<\/td><\/tr><tr><td><strong>Tel\u00e9fono<\/strong><\/td><td>55 5387 3731<\/td><\/tr><tr><td><strong>Correo<\/strong><\/td><td><a href=\"mailto:karla.nava@circulodecredito.com.mx\">karla.nava@circulodecredito.com.mx<\/a> <\/td><\/tr><tr><td><strong>P\u00e1gina web<\/strong><\/td><td><a rel=\"noreferrer noopener\" href=\"https:\/\/www.circulodecredito.com.mx\/\" target=\"_blank\">www.circulodecredito.com.mx<\/a><\/td><\/tr><tr><td><strong>Giro de la Empresa<\/strong><\/td><td>Somos una Sociedad de Informaci\u00f3n Crediticia con m\u00e1s de 20 a\u00f1os de experiencia, nos dedicamos a facilitar el acceso a informaci\u00f3n crediticia que ayude a nuestros usuarios y al consumidor final a tomar mejores decisiones. Nuestro prop\u00f3sito es elevar la calidad de vida de las personas<\/td><\/tr><\/tbody><\/table><\/figure>\n<!-- \/wp:table --><\/div><\/li>\n<li><div class=\"wp-block-latest-posts__featured-image\"><img loading=\"lazy\" decoding=\"async\" width=\"246\" height=\"150\" src=\"https:\/\/amvd.org.mx\/wp-content\/uploads\/2020\/09\/dsm-Firmenich-logo.jpg\" class=\"attachment-medium size-medium wp-post-image\" alt=\"\" style=\"max-width:225px;max-height:225px;\" \/><\/div><a class=\"wp-block-latest-posts__post-title\" href=\"https:\/\/amvd.org.mx\/index.php\/2020\/09\/30\/firmenich-de-mexico-s-a-de-c-v\/\">DSM-FIRMENICH<\/a><div class=\"wp-block-latest-posts__post-full-content\"><!-- wp:table {\"hasFixedLayout\":true,\"className\":\"is-style-stripes\"} -->\n<figure class=\"wp-block-table is-style-stripes\"><table class=\"has-fixed-layout\"><tbody><tr><td><strong>Direcci\u00f3n<\/strong><\/td><td>Jos\u00e9 Vasconcelos No. 105, Pisos 6,7y 8 Col. Hip\u00f3dromo Condesa C.P. 06170 Ciudad de M\u00e9xico\u00a0<\/td><\/tr><tr><td><strong>Tel\u00e9fono<\/strong><\/td><td>55 5340 2000 \/ 55 5340 2158<\/td><\/tr><tr><td><strong>Correo<\/strong><\/td><td><\/td><\/tr><tr><td><strong>P\u00e1gina web<\/strong><\/td><td><a href=\"https:\/\/www.dsm-firmenich.com\/corporate\/home.html\">https:\/\/www.dsm-firmenich.com\/corporate\/home.html<\/a><\/td><\/tr><tr><td><strong>Giro de la Empresa<\/strong><\/td><td>En DSM-Firmenich estamos enfocados en traer progreso a la vida: Apoyamos a nuestros clientes a entregar lo que los consumidores desean, lo que nuestra sociedad necesita, y lo que nuestro planeta requiere. Operamos en cuatro unidades de negocio que ofrecen desde fragancias sensoriales a ingredientes activos para la salud<\/td><\/tr><\/tbody><\/table><\/figure>\n<!-- \/wp:table --><\/div><\/li>\n<li><div class=\"wp-block-latest-posts__featured-image\"><img loading=\"lazy\" decoding=\"async\" width=\"246\" height=\"211\" src=\"https:\/\/amvd.org.mx\/wp-content\/uploads\/2021\/06\/EMMAX.png\" class=\"attachment-medium size-medium wp-post-image\" alt=\"\" style=\"max-width:225px;max-height:225px;\" \/><\/div><a class=\"wp-block-latest-posts__post-title\" href=\"https:\/\/amvd.org.mx\/index.php\/2021\/06\/07\/emmax-diagnostico-de-empresas-s-a-s-de-c-v\/\">EMMAX DIAGNOSTICO DE EMPRESAS S.A.S DE C.V.<\/a><div class=\"wp-block-latest-posts__post-full-content\"><!-- wp:columns -->\n<div class=\"wp-block-columns\"><!-- wp:column {\"width\":\"100%\"} -->\n<div class=\"wp-block-column\" style=\"flex-basis:100%\"><!-- wp:columns -->\n<div class=\"wp-block-columns\"><!-- wp:column {\"width\":\"100%\"} -->\n<div class=\"wp-block-column\" style=\"flex-basis:100%\"><!-- wp:table {\"hasFixedLayout\":true,\"className\":\"is-style-stripes\"} -->\n<figure class=\"wp-block-table is-style-stripes\"><table class=\"has-fixed-layout\"><tbody><tr><td class=\"has-text-align-left\" data-align=\"left\"><strong>Direcci\u00f3n<\/strong><\/td><td>Lago Alberto 442, Torre A Piso 5, Col. An\u00e1huac I Secci\u00f3n, Alcald\u00eda Miguel Hidalgo, CP 11320, CDMX, M\u00e9xico<\/td><\/tr><tr><td class=\"has-text-align-left\" data-align=\"left\"><strong>Tel\u00e9fono<\/strong><\/td><td>55 1534 2329<\/td><\/tr><tr><td class=\"has-text-align-left\" data-align=\"left\"><strong>Correo<\/strong><\/td><td><a href=\"mailto:paolaespejel@emmax.com.mx\">paolaespejel@emmax.com.mx<\/a><\/td><\/tr><tr><td class=\"has-text-align-left\" data-align=\"left\"><strong>P\u00e1gina web<\/strong><\/td><td><a href=\"http:\/\/www.emmax.com.mx\" data-type=\"URL\" data-id=\"www.emmax.com.mx\">www.emmax.com.mx <\/a><\/td><\/tr><tr><td class=\"has-text-align-left\" data-align=\"left\"><strong>Giro de la Empresa<\/strong><\/td><td>En EMMAX nos dedicamos al desarrollo de software, con foco en la experiencia ideal para el cliente. Utilizando marcos de trabajo \u00e1gil, aseguramos que vamos construyendo una soluci\u00f3n que, en su versi\u00f3n final, agrega valor al proceso, al negocio, al colaborador y, por ende, al cliente. A nuestro portafolio se suman productos propios para: Gesti\u00f3n de solicitudes de call center, NOM-035 y campa\u00f1as WA<\/td><\/tr><\/tbody><\/table><\/figure>\n<!-- \/wp:table --><\/div>\n<!-- \/wp:column --><\/div>\n<!-- \/wp:columns --><\/div>\n<!-- \/wp:column --><\/div>\n<!-- \/wp:columns -->\n\n<!-- wp:paragraph -->\n<p><\/p>\n<!-- \/wp:paragraph --><\/div><\/li>\n<li><div class=\"wp-block-latest-posts__featured-image\"><img loading=\"lazy\" decoding=\"async\" width=\"250\" height=\"166\" src=\"https:\/\/amvd.org.mx\/wp-content\/uploads\/2022\/02\/Estafeta-1.jpg\" class=\"attachment-medium size-medium wp-post-image\" alt=\"\" style=\"max-width:225px;max-height:225px;\" \/><\/div><a class=\"wp-block-latest-posts__post-title\" href=\"https:\/\/amvd.org.mx\/index.php\/2022\/02\/17\/estafeta-mexicana-s-a-de-c-v\/\">ESTAFETA MEXICANA S.A. DE C.V.<\/a><div class=\"wp-block-latest-posts__post-full-content\"><!-- wp:table {\"hasFixedLayout\":true,\"className\":\"is-style-stripes\"} -->\n<figure class=\"wp-block-table is-style-stripes\"><table class=\"has-fixed-layout\"><tbody><tr><td><strong>Direcci\u00f3n<\/strong><\/td><td>Jos\u00e9 Vasconcelos No. 105 Piso 4 Col. Hip\u00f3dromo Condesa, Alcald\u00eda Cuauht\u00e9moc C.P. 06170 CDMX<\/td><\/tr><tr><td><strong>Tel\u00e9fono<\/strong><\/td><td>55 5270 8300 \/ 800 378 2338<\/td><\/tr><tr><td><strong>Correo<\/strong><\/td><td><strong><a href=\"mailto:atencionventadirecta@estafeta.com\">atencionventadirecta@estafeta.com<\/a><\/strong><\/td><\/tr><tr><td><strong>P\u00e1gina web<\/strong><\/td><td><a href=\"https:\/\/www.estafeta.com\">www.estafeta.com<\/a> <\/td><\/tr><tr><td><strong>Giro de la Empresa<\/strong><\/td><td>Estafeta es un integrador log\u00edstico 100% mexicano con una red operativa que conecta con el 95% de la poblaci\u00f3n mexicana y con m\u00e1s de 220 pa\u00edses a trav\u00e9s de aliados internacionales.\u00a0La industria de la venta directa encuentra en Estafeta el aliado ideal para la distribuci\u00f3n de sus productos gracias a su fortaleza estructural, tecnol\u00f3gica y humana<\/td><\/tr><\/tbody><\/table><\/figure>\n<!-- \/wp:table --><\/div><\/li>\n<li><div class=\"wp-block-latest-posts__featured-image\"><img loading=\"lazy\" decoding=\"async\" width=\"246\" height=\"150\" src=\"https:\/\/amvd.org.mx\/wp-content\/uploads\/2020\/09\/Givaudan-Logo.png\" class=\"attachment-medium size-medium wp-post-image\" alt=\"\" style=\"max-width:225px;max-height:225px;\" \/><\/div><a class=\"wp-block-latest-posts__post-title\" href=\"https:\/\/amvd.org.mx\/index.php\/2020\/09\/30\/givaudan-de-mexico-s-a-de-c-v\/\">GIVAUDAN DE MEXICO, S.A. DE C.V.<\/a><div class=\"wp-block-latest-posts__post-full-content\"><!-- wp:table {\"hasFixedLayout\":true,\"className\":\"is-style-stripes\"} -->\n<figure class=\"wp-block-table is-style-stripes\"><table class=\"has-fixed-layout\"><tbody><tr><td><strong>Direcci\u00f3n<\/strong><\/td><td>Lago Alberto No. 319 Piso 12, Col. Granada, 11520 Ciudad de M\u00e9xico\u00a0<\/td><\/tr><tr><td><strong>Tel\u00e9fono<\/strong><\/td><td>55 5081 1800<\/td><\/tr><tr><td><strong>Correo<\/strong><\/td><td><a href=\"mailto:mexico.fragancias@givaudan.com\">mexico.fragancias@givaudan.com<\/a><\/td><\/tr><tr><td><strong>P\u00e1gina web<\/strong><\/td><td><a rel=\"noreferrer noopener\" href=\"https:\/\/www.givaudan.com\/\" target=\"_blank\">www.givaudan.com<\/a><\/td><\/tr><tr><td><strong>Giro de la Empresa<\/strong><\/td><td>Creaci\u00f3n y fabricaci\u00f3n de fragancias, sabores e ingredientes cosm\u00e9ticos. Comprometidos con la innovaci\u00f3n y el crecimiento sostenible. Nuestra herencia de m\u00e1s de 250 a\u00f1os refleja una larga y s\u00f3lida historia de creaciones que inspiran emociones cada d\u00eda y deleitan a millones de consumidores en todo el mundo<\/td><\/tr><\/tbody><\/table><\/figure>\n<!-- \/wp:table --><\/div><\/li>\n<li><div class=\"wp-block-latest-posts__featured-image\"><img loading=\"lazy\" decoding=\"async\" width=\"250\" height=\"111\" src=\"https:\/\/amvd.org.mx\/wp-content\/uploads\/2022\/02\/Grupo-Posadas-Fiesta-Americana-1.jpg\" class=\"attachment-medium size-medium wp-post-image\" alt=\"\" style=\"max-width:225px;max-height:225px;\" \/><\/div><a class=\"wp-block-latest-posts__post-title\" href=\"https:\/\/amvd.org.mx\/index.php\/2022\/02\/04\/grupo-posadas-s-a-b-de-c-v\/\">GRUPO POSADAS S.A. B. DE C.V.<\/a><div class=\"wp-block-latest-posts__post-full-content\"><!-- wp:table {\"hasFixedLayout\":true,\"className\":\"is-style-stripes\"} -->\n<figure class=\"wp-block-table is-style-stripes\"><table class=\"has-fixed-layout\"><tbody><tr><td><strong>Direcci\u00f3n<\/strong><\/td><td>Prolongaci\u00f3n Paseo de la Reforma No. 1015 Torre A Piso 9 Col. Santa Fe Cuajimalpa C.P. 05348 CDMX<\/td><\/tr><tr><td><strong>Tel\u00e9fono<\/strong><\/td><td>55 5326 6700<\/td><\/tr><tr><td><strong>Correo<\/strong><\/td><td> <a href=\"mailto:rainier.chavolla@posadas.com\" data-type=\"mailto\" data-id=\"mailto:rainier.chavolla@posadas.com\">rainier.chavolla@posadas.com<\/a>     <\/td><\/tr><tr><td><strong>P\u00e1gina web<\/strong><\/td><td><a href=\"http:\/\/www.posadas.com\">www.posadas.com<\/a><\/td><\/tr><tr><td><strong>Giro de la Empresa<\/strong><\/td><td>Hoteler\u00eda.\u00a0Estamos a la orden en las m\u00e1s de 180 propiedades en nuestras distintas marcas (Live Aqua, Grand, Fiesta Americana, Fiesta Inn, Gamma, one , Curamoria, The Explorean Kohunlich). Lo que requieran en hospedaje de grupo o eventos con gusto pendientes de ustedes<\/td><\/tr><\/tbody><\/table><\/figure>\n<!-- \/wp:table --><\/div><\/li>\n<li><div class=\"wp-block-latest-posts__featured-image\"><img loading=\"lazy\" decoding=\"async\" width=\"250\" height=\"140\" src=\"https:\/\/amvd.org.mx\/wp-content\/uploads\/2023\/10\/Hiper-Pro-Logo-NEGRO-2.png\" class=\"attachment-medium size-medium wp-post-image\" alt=\"\" style=\"max-width:225px;max-height:225px;\" \/><\/div><a class=\"wp-block-latest-posts__post-title\" href=\"https:\/\/amvd.org.mx\/index.php\/2023\/10\/20\/hiper-pro-s-a-de-c-v\/\">HIPER PRO S.A. DE C.V.<\/a><div class=\"wp-block-latest-posts__post-full-content\"><!-- wp:table {\"hasFixedLayout\":true,\"className\":\"is-style-stripes\"} -->\n<figure class=\"wp-block-table is-style-stripes\"><table class=\"has-fixed-layout\"><tbody><tr><td><strong>Direcci\u00f3n<\/strong><\/td><td>Guillermo Gonz\u00e1lez Camarena No. 1450 Int 3C Col. Santa Fe, Alcald\u00eda Alvaro Obreg\u00f3n C.P. 01210 CDMX<\/td><\/tr><tr><td><strong>Tel\u00e9fono<\/strong><\/td><td>55 5292 7682 ext 114<\/td><\/tr><tr><td><strong>Correo<\/strong><\/td><td><a href=\"mailto:contacto@hiperproducciones.mx\">contacto@hiperproducciones.mx<\/a><\/td><\/tr><tr><td><strong>P\u00e1gina web<\/strong><\/td><td><a href=\"http:\/\/www.hiperproducciones.com\">www.hiperproducciones.com<\/a><\/td><\/tr><tr><td><strong>Giro de la Empresa<\/strong><\/td><td>Organizar, coordinar y realizar la log\u00edstica de cualquier tipo de evento. Planeaci\u00f3n y Producci\u00f3n de Experiencias para nuestros Clientes.<\/td><\/tr><\/tbody><\/table><\/figure>\n<!-- \/wp:table --><\/div><\/li>\n<li><div class=\"wp-block-latest-posts__featured-image\"><img loading=\"lazy\" decoding=\"async\" width=\"281\" height=\"225\" src=\"https:\/\/amvd.org.mx\/wp-content\/uploads\/2020\/09\/IFF-2.png\" class=\"attachment-medium size-medium wp-post-image\" alt=\"\" style=\"max-width:225px;max-height:225px;\" \/><\/div><a class=\"wp-block-latest-posts__post-title\" href=\"https:\/\/amvd.org.mx\/index.php\/2020\/09\/30\/international-flavors-fragrances-mexico-s-de-r-l-de-c-v\/\">INTERNATIONAL FLAVORS &#038; FRAGRANCES (MEXICO) S. DE R.L. DE C.V.<\/a><div class=\"wp-block-latest-posts__post-full-content\"><!-- wp:table {\"hasFixedLayout\":true,\"className\":\"is-style-stripes\"} -->\n<figure class=\"wp-block-table is-style-stripes\"><table class=\"has-fixed-layout\"><tbody><tr><td><strong>Direcci\u00f3n<\/strong><\/td><td>San Nicol\u00e1s No. 5 Fracc. Industrial San Nicol\u00e1s C.P.54030 Tlalnepantla, Edo. de M\u00e9xico.\u00a0<\/td><\/tr><tr><td><strong>Tel\u00e9fono<\/strong><\/td><td>55 5333 1900<\/td><\/tr><tr><td><strong>Correo<\/strong><\/td><td><a href=\"mailto:iffmexico@iff.com\">iffmexico@iff.com<\/a><\/td><\/tr><tr><td><strong>P\u00e1gina web<\/strong><\/td><td><a rel=\"noreferrer noopener\" href=\"http:\/\/www.iff.com\/\" target=\"_blank\">www.iff.com<\/a><\/td><\/tr><tr><td><strong>Giro de la Empresa<\/strong><\/td><td>Desde hace m\u00e1s de 130 a\u00f1os, somos l\u00edderes en creaci\u00f3n y fabricaci\u00f3n de alimentos, bebidas, fragancias y soluciones en salud, biociencia, farmac\u00e9uticos y productos adyacentes complementarios, incluidos los activos cosm\u00e9ticos e ingredientes naturales que se utilizan en una amplia variedad de productos de consumo<\/td><\/tr><\/tbody><\/table><\/figure>\n<!-- \/wp:table --><\/div><\/li>\n<li><div class=\"wp-block-latest-posts__featured-image\"><img loading=\"lazy\" decoding=\"async\" width=\"246\" height=\"150\" src=\"https:\/\/amvd.org.mx\/wp-content\/uploads\/2020\/09\/img-09.jpg\" class=\"attachment-medium size-medium wp-post-image\" alt=\"\" style=\"max-width:225px;max-height:225px;\" \/><\/div><a class=\"wp-block-latest-posts__post-title\" href=\"https:\/\/amvd.org.mx\/index.php\/2020\/09\/30\/la-cazadora-s-a-de-c-v\/\">LA CAZADORA S.A. DE C.V.<\/a><div class=\"wp-block-latest-posts__post-full-content\"><!-- wp:table {\"hasFixedLayout\":true,\"className\":\"is-style-stripes\"} -->\n<figure class=\"wp-block-table is-style-stripes\"><table class=\"has-fixed-layout\"><tbody><tr><td><strong>Direcci\u00f3n<\/strong><\/td><td>Carretera M\u00e9xico-Cuautitlan Km. 13.5 Col. Lecher\u00eda, Tultitlan C.P. 54940 Estado de M\u00e9xico\u00a0<\/td><\/tr><tr><td><strong>Tel\u00e9fono<\/strong><\/td><td>55 5999 6500<\/td><\/tr><tr><td><strong>Correo<\/strong><\/td><td><a href=\"mailto:ventas@lacazadora.com.mx\">ventas@lacazadora.com.mx<\/a><\/td><\/tr><tr><td><strong>P\u00e1gina web<\/strong><\/td><td><a rel=\"noreferrer noopener\" href=\"http:\/\/www.lacazadora.com.mx\/\" target=\"_blank\">www.lacazadora.com.mx<\/a><\/td><\/tr><tr><td><strong>Giro de la Empresa<\/strong><\/td><td>Los mejores tubos depresibles producidos en M\u00e9xico. Con calidad reconocida y galardonada, los tubos depresibles de pl\u00e1stico producidos por La Cazadora son la opci\u00f3n m\u00e1s confiable y calificada para sus productos; ya sean cosm\u00e9ticos, cuidado personal, farmac\u00e9uticos o alimenticios, tenemos el producto y servicio a la medida de sus necesidades<\/td><\/tr><\/tbody><\/table><\/figure>\n<!-- \/wp:table --><\/div><\/li>\n<li><div class=\"wp-block-latest-posts__featured-image\"><img loading=\"lazy\" decoding=\"async\" width=\"246\" height=\"150\" src=\"https:\/\/amvd.org.mx\/wp-content\/uploads\/2020\/09\/img-11-1.jpg\" class=\"attachment-medium size-medium wp-post-image\" alt=\"\" style=\"max-width:225px;max-height:225px;\" \/><\/div><a class=\"wp-block-latest-posts__post-title\" href=\"https:\/\/amvd.org.mx\/index.php\/2020\/09\/30\/mane-mexico-s-a-de-c-v\/\">MANE MEXICO S.A. DE C.V.<\/a><div class=\"wp-block-latest-posts__post-full-content\"><!-- wp:table {\"hasFixedLayout\":true,\"className\":\"is-style-stripes\"} -->\n<figure class=\"wp-block-table is-style-stripes\"><table class=\"has-fixed-layout\"><tbody><tr><td><strong>Direcci\u00f3n<\/strong><\/td><td>Nemesio Diez Riega 9, Cerrillo II, Lerma, C.P. 52004, Estado de M\u00e9xico, M\u00e9xico<\/td><\/tr><tr><td><strong>Tel\u00e9fono<\/strong><\/td><td>55 5445 0990 al 99 \/ 55 5203 6517<\/td><\/tr><tr><td><strong>Correo<\/strong><\/td><td><a href=\"mailto:gabriela.baltierra@mane.com\">gabriela.baltierra@mane.com<\/a><\/td><\/tr><tr><td><strong>P\u00e1gina web<\/strong><\/td><td><a rel=\"noreferrer noopener\" href=\"https:\/\/www.mane.com\/\" target=\"_blank\">www.mane.com<\/a><\/td><\/tr><tr><td><strong>Giro de la Empresa<\/strong><\/td><td>Negocio familiar con 150 a\u00f1os de historia, expertos en el desarrollo de fragancias y sabores memorables e ic\u00f3nicos. \u201cEl expertise es local, la red es global, la independencia no es negociable\u201d<\/td><\/tr><\/tbody><\/table><\/figure>\n<!-- \/wp:table --><\/div><\/li>\n<li><div class=\"wp-block-latest-posts__featured-image\"><img loading=\"lazy\" decoding=\"async\" width=\"116\" height=\"132\" src=\"https:\/\/amvd.org.mx\/wp-content\/uploads\/2020\/09\/Netzen-2021-5.png\" class=\"attachment-medium size-medium wp-post-image\" alt=\"\" style=\"max-width:225px;max-height:225px;\" \/><\/div><a class=\"wp-block-latest-posts__post-title\" href=\"https:\/\/amvd.org.mx\/index.php\/2020\/09\/30\/netzen-s-a-de-c-v\/\">NETZEN S.A. DE C.V.<\/a><div class=\"wp-block-latest-posts__post-full-content\"><!-- wp:table {\"hasFixedLayout\":true,\"className\":\"is-style-stripes\"} -->\n<figure class=\"wp-block-table is-style-stripes\"><table class=\"has-fixed-layout\"><tbody><tr><td><strong>Direcci\u00f3n<\/strong><\/td><td>Almanalco No. 82 Bis Col. Vergel de Coyoacan C.P. 14340, Ciudad de M\u00e9xico\u00a0<\/td><\/tr><tr><td><strong>Tel\u00e9fono<\/strong><\/td><td>55 5684 9080 \/ 55 5684 9096<\/td><\/tr><tr><td><strong>Correo<\/strong><\/td><td><a href=\"mailto:contacto@netzen.com.mx\">contacto@netzen.com.mx<\/a><\/td><\/tr><tr><td><strong>P\u00e1gina web<\/strong><\/td><td><a rel=\"noreferrer noopener\" href=\"http:\/\/www.netzen.com.mx\/\" target=\"_blank\">www.netzen.com.mx<\/a><\/td><\/tr><tr><td><strong>Giro de la Empresa<\/strong><\/td><td>Empresa especializada para la Industria de la Venta Directa, con soluciones tecnol\u00f3gicas de inteligencia de negocios y herramientas digitales innovadoras para la optimizaci\u00f3n y cumplimiento de objetivos empresariales. Combinamos de manera \u00fanica lo estrat\u00e9gico y la docencia con nuestro Diplomado en Alta Direcci\u00f3n en conjunto con la Universidad An\u00e1huac<\/td><\/tr><\/tbody><\/table><\/figure>\n<!-- \/wp:table --><\/div><\/li>\n<li><div class=\"wp-block-latest-posts__featured-image\"><img loading=\"lazy\" decoding=\"async\" width=\"246\" height=\"150\" src=\"https:\/\/amvd.org.mx\/wp-content\/uploads\/2020\/09\/img-14-1.jpg\" class=\"attachment-medium size-medium wp-post-image\" alt=\"\" style=\"max-width:225px;max-height:225px;\" \/><\/div><a class=\"wp-block-latest-posts__post-title\" href=\"https:\/\/amvd.org.mx\/index.php\/2020\/09\/30\/print-lsc-communications-s-de-r-l-de-c-v\/\">PRINT LSC COMMUNICATIONS S.DE R.L. DE C.V.<\/a><div class=\"wp-block-latest-posts__post-full-content\"><!-- wp:table {\"hasFixedLayout\":true,\"className\":\"is-style-stripes\"} -->\n<figure class=\"wp-block-table is-style-stripes\"><table class=\"has-fixed-layout\"><tbody><tr><td><strong>Direcci\u00f3n<\/strong><\/td><td>Cerrada Galeana No. 26 Fracc. Ind. La Loma, Tlalnepantla C.P. 54070, Edo. de M\u00e9xico\u00a0<\/td><\/tr><tr><td><strong>Tel\u00e9fono<\/strong><\/td><td>55 7965 6334  \/  42 7115 9414<\/td><\/tr><tr><td><strong>Correo<\/strong><\/td><td><a href=\"mailto:antonino.c.montero@lsccom.com\">antonino.c.montero@lsccom.com<\/a><\/td><\/tr><tr><td><strong>P\u00e1gina web<\/strong><\/td><td><a href=\"http:\/\/www.lsccom.com\/mexico\/\">www.lsccom.com\/mexico\/<\/a><\/td><\/tr><tr><td><strong>Giro de la Empresa<\/strong><\/td><td><strong>Creamos e imprimimos:<\/strong><br>Cat\u00e1logos; Revistas; Insertos comerciales; Folletos; Empaques; Etiquetas; Material POP\/POS; Formatos y Formas continuas; Autosobres; E-Delivery; C\u00f3digos QR personalizados; Premedia<br><br><strong>\u00a1M\u00e1s que una imprenta, tu aliado en el \u00e9xito!<\/strong>\u00a0<\/td><\/tr><\/tbody><\/table><\/figure>\n<!-- \/wp:table --><\/div><\/li>\n<li><div class=\"wp-block-latest-posts__featured-image\"><img loading=\"lazy\" decoding=\"async\" width=\"300\" height=\"102\" src=\"https:\/\/amvd.org.mx\/wp-content\/uploads\/2020\/09\/img-15-1-300x102.jpg\" class=\"attachment-medium size-medium wp-post-image\" alt=\"\" style=\"max-width:225px;max-height:225px;\" srcset=\"https:\/\/amvd.org.mx\/wp-content\/uploads\/2020\/09\/img-15-1-300x102.jpg 300w, https:\/\/amvd.org.mx\/wp-content\/uploads\/2020\/09\/img-15-1.jpg 576w\" sizes=\"(max-width: 300px) 100vw, 300px\" \/><\/div><a class=\"wp-block-latest-posts__post-title\" href=\"https:\/\/amvd.org.mx\/index.php\/2020\/09\/30\/quad-reproducciones-fotomecanicas-s-a-de-c-v\/\">QUAD (Reproducciones Fotomec\u00e1nicas S.A. de C.V.)<\/a><div class=\"wp-block-latest-posts__post-full-content\"><!-- wp:table {\"hasFixedLayout\":true,\"className\":\"is-style-stripes\"} -->\n<figure class=\"wp-block-table is-style-stripes\"><table class=\"has-fixed-layout\"><tbody><tr><td><strong>Direcci\u00f3n<\/strong><\/td><td>Durazno No. 1 Esquina Ejido San Jos\u00e9 de las Peritas, Tepepan Xochimilco C.P. 16010 Ciudad de M\u00e9xico\u00a0<\/td><\/tr><tr><td><strong>Tel\u00e9fono<\/strong><\/td><td>55 5334 1750 ext. 2004<\/td><\/tr><tr><td><strong>Correo<\/strong><\/td><td><a href=\"mailto:fxsantoscoy@quad.com\">fxsantoscoy@quad.com<\/a><\/td><\/tr><tr><td><strong>P\u00e1gina web<\/strong><\/td><td><a rel=\"noreferrer noopener\" href=\"http:\/\/www.quad.com\/\" target=\"_blank\">www.quad.com<\/a><\/td><\/tr><tr><td><strong>Giro de la Empresa<\/strong><\/td><td>Impresi\u00f3n offset en rotativa y prensa plana de cat\u00e1logos, revistas, libros, folletos. Premedia, preprensa, impresi\u00f3n, encuadernaci\u00f3n, empaque y distribuci\u00f3n. Aplicaci\u00f3n en impresi\u00f3n offset de barnices arom\u00e1ticos y pegado de tiras perfumadas. Embolsado y personalizaci\u00f3n. Dos plantas de producci\u00f3n (Xochimilco y Toluca). Exportaci\u00f3n. Papeles certificados FSC, SFI y PEFC. Certificaci\u00f3n de Responsabilidad Social. Material POP y Empaque<\/td><\/tr><\/tbody><\/table><\/figure>\n<!-- \/wp:table --><\/div><\/li>\n<li><div class=\"wp-block-latest-posts__featured-image\"><img loading=\"lazy\" decoding=\"async\" width=\"246\" height=\"150\" src=\"https:\/\/amvd.org.mx\/wp-content\/uploads\/2020\/09\/img-16-1.jpg\" class=\"attachment-medium size-medium wp-post-image\" alt=\"\" style=\"max-width:225px;max-height:225px;\" \/><\/div><a class=\"wp-block-latest-posts__post-title\" href=\"https:\/\/amvd.org.mx\/index.php\/2020\/09\/30\/robertet-de-mexico-s-a-de-c-v\/\">ROBERTET DE MEXICO, S.A. DE C.V.<\/a><div class=\"wp-block-latest-posts__post-full-content\"><!-- wp:table {\"hasFixedLayout\":true,\"className\":\"is-style-stripes\"} -->\n<figure class=\"wp-block-table is-style-stripes\"><table class=\"has-fixed-layout\"><tbody><tr><td><strong>Direcci\u00f3n<\/strong><\/td><td>A\u00f1o de Ju\u00e1rez No. 65, Col. Granjas San Antonio C.P. 09070 Ciudad de M\u00e9xico\u00a0<\/td><\/tr><tr><td><strong>Tel\u00e9fono<\/strong><\/td><td>55 5686 6164<\/td><\/tr><tr><td><strong>Correo<\/strong><\/td><td><a href=\"mailto:guillermo.lopez@robertet.com\">guillermo.lopez@robertet.com<\/a><\/td><\/tr><tr><td><strong>P\u00e1gina web<\/strong><\/td><td><a rel=\"noreferrer noopener\" href=\"http:\/\/www.robertet.com\/\" target=\"_blank\">www.robertet.com<\/a><\/td><\/tr><tr><td><strong>Giro de la Empresa<\/strong><\/td><td>Robertet de M\u00e9xico, filial del grupo Robertet, empresa l\u00edder en la elaboraci\u00f3n y comercializaci\u00f3n de sabores, fragancias, activos y materias primas naturales para las industrias de alimentos, perfumer\u00eda, cosm\u00e9tica, cuidado personal y farmac\u00e9utica, tiene como objetivo primordial atender y superar las expectativas de sus clientes, ofreciendo productos seguros y de excelente calidad<\/td><\/tr><\/tbody><\/table><\/figure>\n<!-- \/wp:table -->\n\n<!-- wp:paragraph -->\n<p><\/p>\n<!-- \/wp:paragraph --><\/div><\/li>\n<li><div class=\"wp-block-latest-posts__featured-image\"><img loading=\"lazy\" decoding=\"async\" width=\"246\" height=\"150\" src=\"https:\/\/amvd.org.mx\/wp-content\/uploads\/2024\/06\/Royal-Caribbean-2.jpg\" class=\"attachment-medium size-medium wp-post-image\" alt=\"\" style=\"max-width:225px;max-height:225px;\" \/><\/div><a class=\"wp-block-latest-posts__post-title\" href=\"https:\/\/amvd.org.mx\/index.php\/2024\/06\/20\/royal-caribbean-international\/\">ROYAL CARIBBEAN INTERNATIONAL<\/a><div class=\"wp-block-latest-posts__post-full-content\"><!-- wp:table {\"hasFixedLayout\":true,\"className\":\"is-style-stripes\"} -->\n<figure class=\"wp-block-table is-style-stripes\"><table class=\"has-fixed-layout\"><tbody><tr><td><strong>Direcci\u00f3n<\/strong><\/td><td>Blvd. Manuel \u00c1vila Camacho 36 Piso 20, Col. Lomas de Chapultepec, Alcald\u00eda Miguel Hidalgo, CP. 11000 CDMX, M\u00e9xico<\/td><\/tr><tr><td><strong>Tel\u00e9fono<\/strong><\/td><td>55 5062 9200<\/td><\/tr><tr><td><strong>Correo<\/strong><\/td><td><a href=\"mailto:cotizacionesmice@rccl.com.mx\">cotizacionesmice@rccl.com.mx<\/a><\/td><\/tr><tr><td><strong>P\u00e1gina web<\/strong><\/td><td><a href=\"https:\/\/www.royalcaribbean.com\/mex\">https:\/\/www.royalcaribbean.com\/mex<\/a><\/td><\/tr><tr><td><strong>Giro de la Empresa<\/strong><\/td><td>Con m\u00e1s de 50 a\u00f1os innovando, creamos experiencias memorables a bordo de 28 revolucionarios barcos. Reinventa tus viajes de incentivo, eventos y reuniones en itinerarios de crucero desde 3 a 7+ noches por el Caribe, Europa, Alaska, Asia y m\u00e1s. Descubre actividades \u00fanicas y beneficios exclusivos para tu grupo.<\/td><\/tr><\/tbody><\/table><\/figure>\n<!-- \/wp:table --><\/div><\/li>\n<li><div class=\"wp-block-latest-posts__featured-image\"><img loading=\"lazy\" decoding=\"async\" width=\"246\" height=\"150\" src=\"https:\/\/amvd.org.mx\/wp-content\/uploads\/2020\/09\/img-19.jpg\" class=\"attachment-medium size-medium wp-post-image\" alt=\"\" style=\"max-width:225px;max-height:225px;\" \/><\/div><a class=\"wp-block-latest-posts__post-title\" href=\"https:\/\/amvd.org.mx\/index.php\/2020\/09\/30\/travel-ex-s-a-de-c-v\/\">TRAVEL EX S.A. DE C.V.<\/a><div class=\"wp-block-latest-posts__post-full-content\"><!-- wp:table {\"hasFixedLayout\":true,\"className\":\"is-style-stripes\"} -->\n<figure class=\"wp-block-table is-style-stripes\"><table class=\"has-fixed-layout\"><tbody><tr><td><strong>Direcci\u00f3n<\/strong><\/td><td>Av. M\u00e9xico No. 700 Oficina PO 09 Col. San Jer\u00f3nimo Aculco C.P. 10400 Ciudad de M\u00e9xico\u00a0<\/td><\/tr><tr><td><strong>Tel\u00e9fono<\/strong><\/td><td>55 5681 7132 \/ 55 5135 4991<\/td><\/tr><tr><td><strong>Correo<\/strong><\/td><td><a href=\"mailto:hdominguez@travelex.mx\">hdominguez@travelex.mx<\/a><\/td><\/tr><tr><td><strong>P\u00e1gina web<\/strong><\/td><td><a rel=\"noreferrer noopener\" href=\"http:\/\/www.travelex.mx\/\" target=\"_blank\">www.travelex.mx<\/a><\/td><\/tr><tr><td><strong>Giro de la Empresa<\/strong><\/td><td>Meeting planner, organizador de eventos, congresos y convenciones.<\/td><\/tr><\/tbody><\/table><\/figure>\n<!-- \/wp:table --><\/div><\/li>\n<li><div class=\"wp-block-latest-posts__featured-image\"><img loading=\"lazy\" decoding=\"async\" width=\"246\" height=\"150\" src=\"https:\/\/amvd.org.mx\/wp-content\/uploads\/2020\/09\/img-21-1.jpg\" class=\"attachment-medium size-medium wp-post-image\" alt=\"\" style=\"max-width:225px;max-height:225px;\" \/><\/div><a class=\"wp-block-latest-posts__post-title\" href=\"https:\/\/amvd.org.mx\/index.php\/2020\/09\/30\/turanzas-bravo-y-ambrosi-s-c\/\">TURANZAS, BRAVO Y AMBROSI S.C.<\/a><div class=\"wp-block-latest-posts__post-full-content\"><!-- wp:table {\"hasFixedLayout\":true,\"className\":\"is-style-stripes\"} -->\n<figure class=\"wp-block-table is-style-stripes\"><table class=\"has-fixed-layout\"><tbody><tr><td><strong>Direcci\u00f3n<\/strong><\/td><td>Paseo de los Tamarindos No. 100 Piso 3 Edificio Corporativo Arcos Norte, Ciudad de M\u00e9xico\u00a0<\/td><\/tr><tr><td><strong>Tel\u00e9fono<\/strong><\/td><td>55 5081 4590<\/td><\/tr><tr><td><strong>Correo<\/strong><\/td><td><a href=\"mailto:info@turanzas.com.mx\">info@turanzas.com.mx<\/a><\/td><\/tr><tr><td><strong>P\u00e1gina web<\/strong><\/td><td><a rel=\"noreferrer noopener\" href=\"http:\/\/www.turanzas.com.mx\/\" target=\"_blank\">www.turanzas.com.mx<\/a><\/td><\/tr><tr><td><strong>Giro de la Empresa<\/strong><\/td><td>Somos una firma boutique independiente especializada en la prestaci\u00f3n de servicios de consultor\u00eda y litigio fiscal, incluyendo el \u00e1rea de comercio exterior, as\u00ed como de servicios contables, n\u00f3minas y cumplimiento fiscal, que permiten una oferta eficiente de servicios tributarios integrales a nuestros clientes. \u00c9nfasis en el marco jur\u00eddico-fiscal del sector de la Venta Directa<\/td><\/tr><\/tbody><\/table><\/figure>\n<!-- \/wp:table --><\/div><\/li>\n<li><div class=\"wp-block-latest-posts__featured-image\"><img loading=\"lazy\" decoding=\"async\" width=\"246\" height=\"150\" src=\"https:\/\/amvd.org.mx\/wp-content\/uploads\/2020\/09\/img-22-1.jpg\" class=\"attachment-medium size-medium wp-post-image\" alt=\"\" style=\"max-width:225px;max-height:225px;\" \/><\/div><a class=\"wp-block-latest-posts__post-title\" href=\"https:\/\/amvd.org.mx\/index.php\/2020\/09\/30\/xaber-diagnostico-y-representaciones-s-c\/\">XABER DIAGNOSTICO Y REPRESENTACIONES S.C.<\/a><div class=\"wp-block-latest-posts__post-full-content\"><!-- wp:table {\"hasFixedLayout\":true,\"className\":\"is-style-stripes\"} -->\n<figure class=\"wp-block-table is-style-stripes\"><table class=\"has-fixed-layout\"><tbody><tr><td><strong>Direcci\u00f3n<\/strong><\/td><td>Pino Prieto No. 1949, Privada Pinos 2,  C.P. 64550, Monterrey  Nuevo Le\u00f3n, M\u00e9xico<\/td><\/tr><tr><td><strong>Tel\u00e9fono<\/strong><\/td><td>81 8252 4678 \/ 81 1721 1391<\/td><\/tr><tr><td><strong>Correo<\/strong><\/td><td><a href=\"mailto:aberronesf@xaber.com.mx\">aberronesf@xaber.com.mx<\/a> <\/td><\/tr><tr><td><strong>P\u00e1gina web<\/strong><\/td><td><a href=\"http:\/\/www.xaber.com.mx\" data-type=\"URL\" data-id=\"www.xaber.com.mx\">www.xaber.com.mx<\/a><\/td><\/tr><tr><td><strong>Giro de la Empresa<\/strong><\/td><td>Asesor\u00eda profesional nacional e internacional experta para crear e implementar ideas, estrategias y proyectos que te permitir\u00e1n EMPRENDER o CRECER tu propio negocio o empresa de venta directa \/ redes de mercadeo. \u00a0<\/td><\/tr><\/tbody><\/table><\/figure>\n<!-- \/wp:table -->\n\n<!-- wp:paragraph -->\n<p><\/p>\n<!-- \/wp:paragraph --><\/div><\/li>\n<\/ul>","protected":false},"excerpt":{"rendered":"","protected":false},"author":1,"featured_media":0,"parent":95,"menu_order":0,"comment_status":"closed","ping_status":"closed","template":"","meta":{"ocean_post_layout":"full-width","ocean_both_sidebars_style":"","ocean_both_sidebars_content_width":0,"ocean_both_sidebars_sidebars_width":0,"ocean_sidebar":"0","ocean_second_sidebar":"0","ocean_disable_margins":"enable","ocean_add_body_class":"","ocean_shortcode_before_top_bar":"","ocean_shortcode_after_top_bar":"","ocean_shortcode_before_header":"","ocean_shortcode_after_header":"","ocean_has_shortcode":"","ocean_shortcode_after_title":"","ocean_shortcode_before_footer_widgets":"","ocean_shortcode_after_footer_widgets":"","ocean_shortcode_before_footer_bottom":"","ocean_shortcode_after_footer_bottom":"","ocean_display_top_bar":"default","ocean_display_header":"default","ocean_header_style":"","ocean_center_header_left_menu":"0","ocean_custom_header_template":"0","ocean_custom_logo":0,"ocean_custom_retina_logo":0,"ocean_custom_logo_max_width":0,"ocean_custom_logo_tablet_max_width":0,"ocean_custom_logo_mobile_max_width":0,"ocean_custom_logo_max_height":0,"ocean_custom_logo_tablet_max_height":0,"ocean_custom_logo_mobile_max_height":0,"ocean_header_custom_menu":"0","ocean_menu_typo_font_family":"0","ocean_menu_typo_font_subset":"","ocean_menu_typo_font_size":0,"ocean_menu_typo_font_size_tablet":0,"ocean_menu_typo_font_size_mobile":0,"ocean_menu_typo_font_size_unit":"px","ocean_menu_typo_font_weight":"","ocean_menu_typo_font_weight_tablet":"","ocean_menu_typo_font_weight_mobile":"","ocean_menu_typo_transform":"","ocean_menu_typo_transform_tablet":"","ocean_menu_typo_transform_mobile":"","ocean_menu_typo_line_height":0,"ocean_menu_typo_line_height_tablet":0,"ocean_menu_typo_line_height_mobile":0,"ocean_menu_typo_line_height_unit":"","ocean_menu_typo_spacing":0,"ocean_menu_typo_spacing_tablet":0,"ocean_menu_typo_spacing_mobile":0,"ocean_menu_typo_spacing_unit":"","ocean_menu_link_color":"","ocean_menu_link_color_hover":"","ocean_menu_link_color_active":"","ocean_menu_link_background":"","ocean_menu_link_hover_background":"","ocean_menu_link_active_background":"","ocean_menu_social_links_bg":"","ocean_menu_social_hover_links_bg":"","ocean_menu_social_links_color":"","ocean_menu_social_hover_links_color":"","ocean_disable_title":"default","ocean_disable_heading":"default","ocean_post_title":"","ocean_post_subheading":"","ocean_post_title_style":"","ocean_post_title_background_color":"","ocean_post_title_background":0,"ocean_post_title_bg_image_position":"","ocean_post_title_bg_image_attachment":"","ocean_post_title_bg_image_repeat":"","ocean_post_title_bg_image_size":"","ocean_post_title_height":0,"ocean_post_title_bg_overlay":0.5,"ocean_post_title_bg_overlay_color":"","ocean_disable_breadcrumbs":"default","ocean_breadcrumbs_color":"","ocean_breadcrumbs_separator_color":"","ocean_breadcrumbs_links_color":"","ocean_breadcrumbs_links_hover_color":"","ocean_display_footer_widgets":"default","ocean_display_footer_bottom":"default","ocean_custom_footer_template":"0","footnotes":""},"class_list":["post-97","page","type-page","status-publish","hentry","entry"],"_links":{"self":[{"href":"https:\/\/amvd.org.mx\/index.php\/wp-json\/wp\/v2\/pages\/97","targetHints":{"allow":["GET"]}}],"collection":[{"href":"https:\/\/amvd.org.mx\/index.php\/wp-json\/wp\/v2\/pages"}],"about":[{"href":"https:\/\/amvd.org.mx\/index.php\/wp-json\/wp\/v2\/types\/page"}],"author":[{"embeddable":true,"href":"https:\/\/amvd.org.mx\/index.php\/wp-json\/wp\/v2\/users\/1"}],"replies":[{"embeddable":true,"href":"https:\/\/amvd.org.mx\/index.php\/wp-json\/wp\/v2\/comments?post=97"}],"version-history":[{"count":8,"href":"https:\/\/amvd.org.mx\/index.php\/wp-json\/wp\/v2\/pages\/97\/revisions"}],"predecessor-version":[{"id":3270,"href":"https:\/\/amvd.org.mx\/index.php\/wp-json\/wp\/v2\/pages\/97\/revisions\/3270"}],"up":[{"embeddable":true,"href":"https:\/\/amvd.org.mx\/index.php\/wp-json\/wp\/v2\/pages\/95"}],"wp:attachment":[{"href":"https:\/\/amvd.org.mx\/index.php\/wp-json\/wp\/v2\/media?parent=97"}],"curies":[{"name":"wp","href":"https:\/\/api.w.org\/{rel}","templated":true}]}}